{"id":5088,"date":"2024-06-03T10:15:51","date_gmt":"2024-06-03T08:15:51","guid":{"rendered":"https:\/\/www.clinicaplanas.com\/blog\/?page_id=5088"},"modified":"2024-07-05T17:33:42","modified_gmt":"2024-07-05T15:33:42","slug":"videoblog","status":"publish","type":"page","link":"https:\/\/www.clinicaplanas.com\/blog\/videoblog\/","title":{"rendered":"Videoblog"},"content":{"rendered":"\n<style>\n.row {max-width: 120% !important;}.col {padding: 0 0px 30px;}.section-content {   max-width: 1280px;   margin: 0 auto;}\na:where(:not(.wp-element-button)) {\n    text-decoration: none !important;\n}\n.popular .post-title {\nfont-size: 1.8em !important;\n}\n.box-blog-post .is-divider {\n margin-bottom: 1.5em;\n    margin-top: 1.5em;\nmax-width: var(--60px);\n}\n<\/style>\n\n<div class=\"container section-title-container\" style=\"margin-top:20px;margin-bottom:6px;\"><h1 class=\"section-title section-title-center\"><b><\/b><span class=\"section-title-main\" >V\u00cdDEOS DE CIRUG\u00cdA Y MEDICINA EST\u00c9TICA<\/span><b><\/b><\/h1><\/div>\n\n\t<section class=\"section\" id=\"section_393945238\">\n\t\t<div class=\"section-bg fill\" >\n\t\t\t\t\t\t\t\t\t\n\t\t\t\n\n\t\t<\/div>\n\n\t\t\n\n\t\t<div class=\"section-content relative\">\n\t\t\t\n\n<div class=\"container section-title-container\" style=\"margin-bottom:6px;\"><h2 class=\"section-title section-title-center\"><b><\/b><span class=\"section-title-main\" >V\u00cdDEOS DESTACADOS<\/span><b><\/b><\/h2><\/div>\n\n\n  \n    <div class=\"row popular large-columns-3 medium-columns-1 small-columns-1\" >\n  <div class=\"col post-item\" >\n\t\t\t<div class=\"col-inner\" property=\"itemListElement\" typeof=\"ListItem\">\n\t\t\t<a property=\"url\" href=\"https:\/\/www.clinicaplanas.com\/blog\/2024\/06\/14\/resultado-de-la-rinoplastia-de-dalas\/\" class=\"plain\">\n\t\t\t\t<div class=\"box box-normal box-text-bottom box-blog-post has-hover\">\n            \t\t\t\t\t<div class=\"box-image\" >\n  \t\t\t\t\t\t<div class=\"image-cover\" style=\"padding-top:100%;\">\n  \t\t\t\t\t\t\t<img loading=\"lazy\" decoding=\"async\" width=\"612\" height=\"369\" src=\"https:\/\/www.clinicaplanas.com\/blog\/wp-content\/rinoplastia3.png\" class=\"attachment-large size-large wp-post-image\" alt=\"\" srcset=\"https:\/\/www.clinicaplanas.com\/blog\/wp-content\/rinoplastia3.png 612w, https:\/\/www.clinicaplanas.com\/blog\/wp-content\/rinoplastia3-300x181.png 300w\" sizes=\"(max-width: 612px) 100vw, 612px\" \/>  \t\t\t\t\t\t\t  \t\t\t\t\t\t\t  \t\t\t\t\t\t<\/div>\n  \t\t\t\t\t\t  \t\t\t\t\t<\/div>\n          \t\t\t\t\t<div class=\"box-text text-center\" style=\"padding:20px 0px 0px 0px;\">\n\t\t\t\t\t<div class=\"box-text-inner blog-post-inner\">\n\n\t\t\t\t\t\n\t\t\t\t\t\t\t\t\t\t<h3 class=\"post-title is-small\">\t\t\t\t\tResultado de la rinoplastia de Dalas\t\t\t\t\t<\/h3>\t\t\t\t\t\t\t\t\t\t<div class=\"is-divider\"><\/div>\n\t\t\t\t\t<div class=\"excerpt-comments-container\">\n\t\t\t\t\t\t\t\t\t\t<p class=\"from_the_blog_excerpt \">Resultado de la rinoplastia ultras\u00f3nica realizada a Dalas. La utilizaci\u00f3n de ultrasonidos en rinoplastia maximiza [...]\t\t\t\t\t<\/p>\n\t\t\t\t\t                    \t\t\t\t\t<\/div>\n\t\t\t\t\t\n\t\t\t\t\t<time datetime=\"2024-06-14T10:33:09+02:00\" class=\"post-footer-date\"><span class=\"fecha\">14\/06\/2024<\/span><span class=\"hora\">10:33 <\/span>  -  Cl\u00ednica Planas<\/time>\n\t\t\t\t\t<\/div>\n\t\t\t\t\t<\/div>\n\t\t\t\t\t\t\t\t\t\t\t\t\t\t\t\t<div class=\"badge absolute top post-date badge-outline\">\n\t\t\t\t\t\t\t<div class=\"badge-inner\">\n\t\t\t\t\t\t\t\t<span class=\"post-date-day\">14<\/span><br>\n\t\t\t\t\t\t\t\t<span class=\"post-date-month is-xsmall\">Jun<\/span>\n\t\t\t\t\t\t\t<\/div>\n\t\t\t\t\t\t<\/div>\n\t\t\t\t\t\t\t\t\t<\/div>\n\t\t\t\t<\/a>\n\t\t\t<\/div>\n\t\t<\/div><div class=\"col post-item\" >\n\t\t\t<div class=\"col-inner\" property=\"itemListElement\" typeof=\"ListItem\">\n\t\t\t<a property=\"url\" href=\"https:\/\/www.clinicaplanas.com\/blog\/2024\/06\/14\/como-combatir-la-flacidez-en-los-brazos\/\" class=\"plain\">\n\t\t\t\t<div class=\"box box-normal box-text-bottom box-blog-post has-hover\">\n            \t\t\t\t\t<div class=\"box-image\" >\n  \t\t\t\t\t\t<div class=\"image-cover\" style=\"padding-top:100%;\">\n  \t\t\t\t\t\t\t<img loading=\"lazy\" decoding=\"async\" width=\"612\" height=\"369\" src=\"https:\/\/www.clinicaplanas.com\/blog\/wp-content\/corporal1.png\" class=\"attachment-large size-large wp-post-image\" alt=\"\" srcset=\"https:\/\/www.clinicaplanas.com\/blog\/wp-content\/corporal1.png 612w, https:\/\/www.clinicaplanas.com\/blog\/wp-content\/corporal1-300x181.png 300w\" sizes=\"(max-width: 612px) 100vw, 612px\" \/>  \t\t\t\t\t\t\t  \t\t\t\t\t\t\t  \t\t\t\t\t\t<\/div>\n  \t\t\t\t\t\t  \t\t\t\t\t<\/div>\n          \t\t\t\t\t<div class=\"box-text text-center\" style=\"padding:20px 0px 0px 0px;\">\n\t\t\t\t\t<div class=\"box-text-inner blog-post-inner\">\n\n\t\t\t\t\t\n\t\t\t\t\t\t\t\t\t\t<h3 class=\"post-title is-small\">\t\t\t\t\t\u00bfC\u00f3mo combatir la flacidez en los brazos?\t\t\t\t\t<\/h3>\t\t\t\t\t\t\t\t\t\t<div class=\"is-divider\"><\/div>\n\t\t\t\t\t<div class=\"excerpt-comments-container\">\n\t\t\t\t\t\t\t\t\t\t<p class=\"from_the_blog_excerpt \">La Dra. Marel G\u00f3mez responde. Con BodyTite corregimos las imperfecciones del contorno de los brazos, [...]\t\t\t\t\t<\/p>\n\t\t\t\t\t                    \t\t\t\t\t<\/div>\n\t\t\t\t\t\n\t\t\t\t\t<time datetime=\"2024-06-14T10:38:04+02:00\" class=\"post-footer-date\"><span class=\"fecha\">14\/06\/2024<\/span><span class=\"hora\">10:38 <\/span>  -  Cl\u00ednica Planas<\/time>\n\t\t\t\t\t<\/div>\n\t\t\t\t\t<\/div>\n\t\t\t\t\t\t\t\t\t\t\t\t\t\t\t\t<div class=\"badge absolute top post-date badge-outline\">\n\t\t\t\t\t\t\t<div class=\"badge-inner\">\n\t\t\t\t\t\t\t\t<span class=\"post-date-day\">14<\/span><br>\n\t\t\t\t\t\t\t\t<span class=\"post-date-month is-xsmall\">Jun<\/span>\n\t\t\t\t\t\t\t<\/div>\n\t\t\t\t\t\t<\/div>\n\t\t\t\t\t\t\t\t\t<\/div>\n\t\t\t\t<\/a>\n\t\t\t<\/div>\n\t\t<\/div><div class=\"col post-item\" >\n\t\t\t<div class=\"col-inner\" property=\"itemListElement\" typeof=\"ListItem\">\n\t\t\t<a property=\"url\" href=\"https:\/\/www.clinicaplanas.com\/blog\/2024\/06\/14\/recuperar-el-pecho-despues-de-la-maternidad\/\" class=\"plain\">\n\t\t\t\t<div class=\"box box-normal box-text-bottom box-blog-post has-hover\">\n            \t\t\t\t\t<div class=\"box-image\" >\n  \t\t\t\t\t\t<div class=\"image-cover\" style=\"padding-top:100%;\">\n  \t\t\t\t\t\t\t<img loading=\"lazy\" decoding=\"async\" width=\"612\" height=\"369\" src=\"https:\/\/www.clinicaplanas.com\/blog\/wp-content\/ultimas2.png\" class=\"attachment-large size-large wp-post-image\" alt=\"\" srcset=\"https:\/\/www.clinicaplanas.com\/blog\/wp-content\/ultimas2.png 612w, https:\/\/www.clinicaplanas.com\/blog\/wp-content\/ultimas2-300x181.png 300w\" sizes=\"(max-width: 612px) 100vw, 612px\" \/>  \t\t\t\t\t\t\t  \t\t\t\t\t\t\t  \t\t\t\t\t\t<\/div>\n  \t\t\t\t\t\t  \t\t\t\t\t<\/div>\n          \t\t\t\t\t<div class=\"box-text text-center\" style=\"padding:20px 0px 0px 0px;\">\n\t\t\t\t\t<div class=\"box-text-inner blog-post-inner\">\n\n\t\t\t\t\t\n\t\t\t\t\t\t\t\t\t\t<h3 class=\"post-title is-small\">\t\t\t\t\tRecuperar el pecho desp\u00faes de la maternidad\t\t\t\t\t<\/h3>\t\t\t\t\t\t\t\t\t\t<div class=\"is-divider\"><\/div>\n\t\t\t\t\t<div class=\"excerpt-comments-container\">\n\t\t\t\t\t\t\t\t\t\t<p class=\"from_the_blog_excerpt \">Mia\u00ae es una parte m\u00e1s de ti. Despu\u00e9s del procedimiento, puedes retomar tu vida con [...]\t\t\t\t\t<\/p>\n\t\t\t\t\t                    \t\t\t\t\t<\/div>\n\t\t\t\t\t\n\t\t\t\t\t<time datetime=\"2024-06-14T11:47:10+02:00\" class=\"post-footer-date\"><span class=\"fecha\">14\/06\/2024<\/span><span class=\"hora\">11:47 <\/span>  -  Cl\u00ednica Planas<\/time>\n\t\t\t\t\t<\/div>\n\t\t\t\t\t<\/div>\n\t\t\t\t\t\t\t\t\t\t\t\t\t\t\t\t<div class=\"badge absolute top post-date badge-outline\">\n\t\t\t\t\t\t\t<div class=\"badge-inner\">\n\t\t\t\t\t\t\t\t<span class=\"post-date-day\">14<\/span><br>\n\t\t\t\t\t\t\t\t<span class=\"post-date-month is-xsmall\">Jun<\/span>\n\t\t\t\t\t\t\t<\/div>\n\t\t\t\t\t\t<\/div>\n\t\t\t\t\t\t\t\t\t<\/div>\n\t\t\t\t<\/a>\n\t\t\t<\/div>\n\t\t<\/div><\/div>\n\n\n\t\t<\/div>\n\n\t\t\n<style>\n#section_393945238 {\n  padding-top: 30px;\n  padding-bottom: 30px;\n  background-color: rgb(242, 201, 169);\n}\n<\/style>\n\t<\/section>\n\t\n\n\t<section class=\"section\" id=\"section_411358436\">\n\t\t<div class=\"section-bg fill\" >\n\t\t\t\t\t\t\t\t\t\n\t\t\t\n\n\t\t<\/div>\n\n\t\t\n\n\t\t<div class=\"section-content relative\">\n\t\t\t\n\n<div class=\"container section-title-container\" style=\"margin-bottom:6px;\"><h2 class=\"section-title section-title-center\"><b><\/b><span class=\"section-title-main\" >V\u00cdDEOS SOBRE RINOPLASTIA<\/span><b><\/b><\/h2><\/div>\n\n\n  \n    <div class=\"row popular large-columns-3 medium-columns-1 small-columns-1\" >\n  <div class=\"col post-item\" >\n\t\t\t<div class=\"col-inner\" property=\"itemListElement\" typeof=\"ListItem\">\n\t\t\t<a property=\"url\" href=\"https:\/\/www.clinicaplanas.com\/blog\/2024\/06\/14\/caso-de-rinoplastia-secundaria\/\" class=\"plain\">\n\t\t\t\t<div class=\"box box-normal box-text-bottom box-blog-post has-hover\">\n            \t\t\t\t\t<div class=\"box-image\" >\n  \t\t\t\t\t\t<div class=\"image-cover\" style=\"padding-top:100%;\">\n  \t\t\t\t\t\t\t<img loading=\"lazy\" decoding=\"async\" width=\"612\" height=\"369\" src=\"https:\/\/www.clinicaplanas.com\/blog\/wp-content\/rinoplastia1.jpg\" class=\"attachment-large size-large wp-post-image\" alt=\"\" srcset=\"https:\/\/www.clinicaplanas.com\/blog\/wp-content\/rinoplastia1.jpg 612w, https:\/\/www.clinicaplanas.com\/blog\/wp-content\/rinoplastia1-300x181.jpg 300w\" sizes=\"(max-width: 612px) 100vw, 612px\" \/>  \t\t\t\t\t\t\t  \t\t\t\t\t\t\t  \t\t\t\t\t\t<\/div>\n  \t\t\t\t\t\t  \t\t\t\t\t<\/div>\n          \t\t\t\t\t<div class=\"box-text text-center\" style=\"padding:20px 0px 0px 0px;\">\n\t\t\t\t\t<div class=\"box-text-inner blog-post-inner\">\n\n\t\t\t\t\t\n\t\t\t\t\t\t\t\t\t\t<h3 class=\"post-title is-small\">\t\t\t\t\tCaso de rinoplastia secundaria\t\t\t\t\t<\/h3>\t\t\t\t\t\t\t\t\t\t<div class=\"is-divider\"><\/div>\n\t\t\t\t\t<div class=\"excerpt-comments-container\">\n\t\t\t\t\t\t\t\t\t\t<p class=\"from_the_blog_excerpt \">\u00a1Hablemos de cirug\u00eda! Hoy el Dr. Ram\u00f3n Tarragona nos cuenta algunos detalles sobre la reconstrucci\u00f3n [...]\t\t\t\t\t<\/p>\n\t\t\t\t\t                    \t\t\t\t\t<\/div>\n\t\t\t\t\t\n\t\t\t\t\t<time datetime=\"2024-06-14T10:30:49+02:00\" class=\"post-footer-date\"><span class=\"fecha\">14\/06\/2024<\/span><span class=\"hora\">10:30 <\/span>  -  Cl\u00ednica Planas<\/time>\n\t\t\t\t\t<\/div>\n\t\t\t\t\t<\/div>\n\t\t\t\t\t\t\t\t\t\t\t\t\t\t\t\t<div class=\"badge absolute top post-date badge-outline\">\n\t\t\t\t\t\t\t<div class=\"badge-inner\">\n\t\t\t\t\t\t\t\t<span class=\"post-date-day\">14<\/span><br>\n\t\t\t\t\t\t\t\t<span class=\"post-date-month is-xsmall\">Jun<\/span>\n\t\t\t\t\t\t\t<\/div>\n\t\t\t\t\t\t<\/div>\n\t\t\t\t\t\t\t\t\t<\/div>\n\t\t\t\t<\/a>\n\t\t\t<\/div>\n\t\t<\/div><div class=\"col post-item\" >\n\t\t\t<div class=\"col-inner\" property=\"itemListElement\" typeof=\"ListItem\">\n\t\t\t<a property=\"url\" href=\"https:\/\/www.clinicaplanas.com\/blog\/2024\/06\/14\/resultado-de-la-rinoplastia-de-dalas\/\" class=\"plain\">\n\t\t\t\t<div class=\"box box-normal box-text-bottom box-blog-post has-hover\">\n            \t\t\t\t\t<div class=\"box-image\" >\n  \t\t\t\t\t\t<div class=\"image-cover\" style=\"padding-top:100%;\">\n  \t\t\t\t\t\t\t<img loading=\"lazy\" decoding=\"async\" width=\"612\" height=\"369\" src=\"https:\/\/www.clinicaplanas.com\/blog\/wp-content\/rinoplastia3.png\" class=\"attachment-large size-large wp-post-image\" alt=\"\" srcset=\"https:\/\/www.clinicaplanas.com\/blog\/wp-content\/rinoplastia3.png 612w, https:\/\/www.clinicaplanas.com\/blog\/wp-content\/rinoplastia3-300x181.png 300w\" sizes=\"(max-width: 612px) 100vw, 612px\" \/>  \t\t\t\t\t\t\t  \t\t\t\t\t\t\t  \t\t\t\t\t\t<\/div>\n  \t\t\t\t\t\t  \t\t\t\t\t<\/div>\n          \t\t\t\t\t<div class=\"box-text text-center\" style=\"padding:20px 0px 0px 0px;\">\n\t\t\t\t\t<div class=\"box-text-inner blog-post-inner\">\n\n\t\t\t\t\t\n\t\t\t\t\t\t\t\t\t\t<h3 class=\"post-title is-small\">\t\t\t\t\tResultado de la rinoplastia de Dalas\t\t\t\t\t<\/h3>\t\t\t\t\t\t\t\t\t\t<div class=\"is-divider\"><\/div>\n\t\t\t\t\t<div class=\"excerpt-comments-container\">\n\t\t\t\t\t\t\t\t\t\t<p class=\"from_the_blog_excerpt \">Resultado de la rinoplastia ultras\u00f3nica realizada a Dalas. La utilizaci\u00f3n de ultrasonidos en rinoplastia maximiza [...]\t\t\t\t\t<\/p>\n\t\t\t\t\t                    \t\t\t\t\t<\/div>\n\t\t\t\t\t\n\t\t\t\t\t<time datetime=\"2024-06-14T10:33:09+02:00\" class=\"post-footer-date\"><span class=\"fecha\">14\/06\/2024<\/span><span class=\"hora\">10:33 <\/span>  -  Cl\u00ednica Planas<\/time>\n\t\t\t\t\t<\/div>\n\t\t\t\t\t<\/div>\n\t\t\t\t\t\t\t\t\t\t\t\t\t\t\t\t<div class=\"badge absolute top post-date badge-outline\">\n\t\t\t\t\t\t\t<div class=\"badge-inner\">\n\t\t\t\t\t\t\t\t<span class=\"post-date-day\">14<\/span><br>\n\t\t\t\t\t\t\t\t<span class=\"post-date-month is-xsmall\">Jun<\/span>\n\t\t\t\t\t\t\t<\/div>\n\t\t\t\t\t\t<\/div>\n\t\t\t\t\t\t\t\t\t<\/div>\n\t\t\t\t<\/a>\n\t\t\t<\/div>\n\t\t<\/div><div class=\"col post-item\" >\n\t\t\t<div class=\"col-inner\" property=\"itemListElement\" typeof=\"ListItem\">\n\t\t\t<a property=\"url\" href=\"https:\/\/www.clinicaplanas.com\/blog\/2024\/06\/14\/la-experiencia-de-judith-con-la-rinoplastia-ultrasonica\/\" class=\"plain\">\n\t\t\t\t<div class=\"box box-normal box-text-bottom box-blog-post has-hover\">\n            \t\t\t\t\t<div class=\"box-image\" >\n  \t\t\t\t\t\t<div class=\"image-cover\" style=\"padding-top:100%;\">\n  \t\t\t\t\t\t\t<img loading=\"lazy\" decoding=\"async\" width=\"612\" height=\"369\" src=\"https:\/\/www.clinicaplanas.com\/blog\/wp-content\/rinoplastia2.png\" class=\"attachment-large size-large wp-post-image\" alt=\"\" srcset=\"https:\/\/www.clinicaplanas.com\/blog\/wp-content\/rinoplastia2.png 612w, https:\/\/www.clinicaplanas.com\/blog\/wp-content\/rinoplastia2-300x181.png 300w\" sizes=\"(max-width: 612px) 100vw, 612px\" \/>  \t\t\t\t\t\t\t  \t\t\t\t\t\t\t  \t\t\t\t\t\t<\/div>\n  \t\t\t\t\t\t  \t\t\t\t\t<\/div>\n          \t\t\t\t\t<div class=\"box-text text-center\" style=\"padding:20px 0px 0px 0px;\">\n\t\t\t\t\t<div class=\"box-text-inner blog-post-inner\">\n\n\t\t\t\t\t\n\t\t\t\t\t\t\t\t\t\t<h3 class=\"post-title is-small\">\t\t\t\t\tLa experiencia de Judith con la rinoplastia ultras\u00f3nica\t\t\t\t\t<\/h3>\t\t\t\t\t\t\t\t\t\t<div class=\"is-divider\"><\/div>\n\t\t\t\t\t<div class=\"excerpt-comments-container\">\n\t\t\t\t\t\t\t\t\t\t<p class=\"from_the_blog_excerpt \">Belleza es buscar nuestra mejor versi\u00f3n. Esta es la historia de Judith. [...]\t\t\t\t\t<\/p>\n\t\t\t\t\t                    \t\t\t\t\t<\/div>\n\t\t\t\t\t\n\t\t\t\t\t<time datetime=\"2024-06-14T10:31:52+02:00\" class=\"post-footer-date\"><span class=\"fecha\">14\/06\/2024<\/span><span class=\"hora\">10:31 <\/span>  -  Cl\u00ednica Planas<\/time>\n\t\t\t\t\t<\/div>\n\t\t\t\t\t<\/div>\n\t\t\t\t\t\t\t\t\t\t\t\t\t\t\t\t<div class=\"badge absolute top post-date badge-outline\">\n\t\t\t\t\t\t\t<div class=\"badge-inner\">\n\t\t\t\t\t\t\t\t<span class=\"post-date-day\">14<\/span><br>\n\t\t\t\t\t\t\t\t<span class=\"post-date-month is-xsmall\">Jun<\/span>\n\t\t\t\t\t\t\t<\/div>\n\t\t\t\t\t\t<\/div>\n\t\t\t\t\t\t\t\t\t<\/div>\n\t\t\t\t<\/a>\n\t\t\t<\/div>\n\t\t<\/div><\/div>\n\n\n\t\t<\/div>\n\n\t\t\n<style>\n#section_411358436 {\n  padding-top: 30px;\n  padding-bottom: 30px;\n  background-color: rgb(238, 238, 238);\n}\n<\/style>\n\t<\/section>\n\t\n\n\t<section class=\"section\" id=\"section_1104439117\">\n\t\t<div class=\"section-bg fill\" >\n\t\t\t\t\t\t\t\t\t\n\t\t\t\n\n\t\t<\/div>\n\n\t\t\n\n\t\t<div class=\"section-content relative\">\n\t\t\t\n\n<div class=\"container section-title-container\" style=\"margin-bottom:6px;\"><h2 class=\"section-title section-title-center\"><b><\/b><span class=\"section-title-main\" >V\u00cdDEOS SOBRE PECHO<\/span><b><\/b><\/h2><\/div>\n\n\n  \n    <div class=\"row popular large-columns-3 medium-columns-1 small-columns-1\" >\n  <div class=\"col post-item\" >\n\t\t\t<div class=\"col-inner\" property=\"itemListElement\" typeof=\"ListItem\">\n\t\t\t<a property=\"url\" href=\"https:\/\/www.clinicaplanas.com\/blog\/2024\/06\/14\/recuperacion-de-la-reduccion-de-pecho\/\" class=\"plain\">\n\t\t\t\t<div class=\"box box-normal box-text-bottom box-blog-post has-hover\">\n            \t\t\t\t\t<div class=\"box-image\" >\n  \t\t\t\t\t\t<div class=\"image-cover\" style=\"padding-top:56%;\">\n  \t\t\t\t\t\t\t<img loading=\"lazy\" decoding=\"async\" width=\"612\" height=\"369\" src=\"https:\/\/www.clinicaplanas.com\/blog\/wp-content\/pecho1.png\" class=\"attachment-large size-large wp-post-image\" alt=\"\" srcset=\"https:\/\/www.clinicaplanas.com\/blog\/wp-content\/pecho1.png 612w, https:\/\/www.clinicaplanas.com\/blog\/wp-content\/pecho1-300x181.png 300w\" sizes=\"(max-width: 612px) 100vw, 612px\" \/>  \t\t\t\t\t\t\t  \t\t\t\t\t\t\t  \t\t\t\t\t\t<\/div>\n  \t\t\t\t\t\t  \t\t\t\t\t<\/div>\n          \t\t\t\t\t<div class=\"box-text text-center\" style=\"padding:20px 0px 0px 0px;\">\n\t\t\t\t\t<div class=\"box-text-inner blog-post-inner\">\n\n\t\t\t\t\t\n\t\t\t\t\t\t\t\t\t\t<h3 class=\"post-title is-small\">\t\t\t\t\tRecuperaci\u00f3n de la reducci\u00f3n de pecho\t\t\t\t\t<\/h3>\t\t\t\t\t\t\t\t\t\t<div class=\"is-divider\"><\/div>\n\t\t\t\t\t<div class=\"excerpt-comments-container\">\n\t\t\t\t\t\t\t\t\t\t<p class=\"from_the_blog_excerpt \">Historias reales de pacientes \u00fanicos. Te presentamos a Karen, que se realiz\u00f3 una elevaci\u00f3n de [...]\t\t\t\t\t<\/p>\n\t\t\t\t\t                    \t\t\t\t\t<\/div>\n\t\t\t\t\t\n\t\t\t\t\t<time datetime=\"2024-06-14T10:34:39+02:00\" class=\"post-footer-date\"><span class=\"fecha\">14\/06\/2024<\/span><span class=\"hora\">10:34 <\/span>  -  Cl\u00ednica Planas<\/time>\n\t\t\t\t\t<\/div>\n\t\t\t\t\t<\/div>\n\t\t\t\t\t\t\t\t\t\t\t\t\t\t\t\t<div class=\"badge absolute top post-date badge-outline\">\n\t\t\t\t\t\t\t<div class=\"badge-inner\">\n\t\t\t\t\t\t\t\t<span class=\"post-date-day\">14<\/span><br>\n\t\t\t\t\t\t\t\t<span class=\"post-date-month is-xsmall\">Jun<\/span>\n\t\t\t\t\t\t\t<\/div>\n\t\t\t\t\t\t<\/div>\n\t\t\t\t\t\t\t\t\t<\/div>\n\t\t\t\t<\/a>\n\t\t\t<\/div>\n\t\t<\/div><div class=\"col post-item\" >\n\t\t\t<div class=\"col-inner\" property=\"itemListElement\" typeof=\"ListItem\">\n\t\t\t<a property=\"url\" href=\"https:\/\/www.clinicaplanas.com\/blog\/2024\/06\/14\/no-llevar-sujetador-hace-que-se-caiga-el-pecho\/\" class=\"plain\">\n\t\t\t\t<div class=\"box box-normal box-text-bottom box-blog-post has-hover\">\n            \t\t\t\t\t<div class=\"box-image\" >\n  \t\t\t\t\t\t<div class=\"image-cover\" style=\"padding-top:56%;\">\n  \t\t\t\t\t\t\t<img loading=\"lazy\" decoding=\"async\" width=\"612\" height=\"369\" src=\"https:\/\/www.clinicaplanas.com\/blog\/wp-content\/pecho2.png\" class=\"attachment-large size-large wp-post-image\" alt=\"\" srcset=\"https:\/\/www.clinicaplanas.com\/blog\/wp-content\/pecho2.png 612w, https:\/\/www.clinicaplanas.com\/blog\/wp-content\/pecho2-300x181.png 300w\" sizes=\"(max-width: 612px) 100vw, 612px\" \/>  \t\t\t\t\t\t\t  \t\t\t\t\t\t\t  \t\t\t\t\t\t<\/div>\n  \t\t\t\t\t\t  \t\t\t\t\t<\/div>\n          \t\t\t\t\t<div class=\"box-text text-center\" style=\"padding:20px 0px 0px 0px;\">\n\t\t\t\t\t<div class=\"box-text-inner blog-post-inner\">\n\n\t\t\t\t\t\n\t\t\t\t\t\t\t\t\t\t<h3 class=\"post-title is-small\">\t\t\t\t\t\u00bfNo llevar sujetador hace que se caiga el pecho?\t\t\t\t\t<\/h3>\t\t\t\t\t\t\t\t\t\t<div class=\"is-divider\"><\/div>\n\t\t\t\t\t<div class=\"excerpt-comments-container\">\n\t\t\t\t\t\t\t\t\t\t<p class=\"from_the_blog_excerpt \">Aunque en los \u00faltimos a\u00f1os estamos viviendo un apogeo de la moda braless, ya en [...]\t\t\t\t\t<\/p>\n\t\t\t\t\t                    \t\t\t\t\t<\/div>\n\t\t\t\t\t\n\t\t\t\t\t<time datetime=\"2024-06-14T10:35:37+02:00\" class=\"post-footer-date\"><span class=\"fecha\">14\/06\/2024<\/span><span class=\"hora\">10:35 <\/span>  -  Cl\u00ednica Planas<\/time>\n\t\t\t\t\t<\/div>\n\t\t\t\t\t<\/div>\n\t\t\t\t\t\t\t\t\t\t\t\t\t\t\t\t<div class=\"badge absolute top post-date badge-outline\">\n\t\t\t\t\t\t\t<div class=\"badge-inner\">\n\t\t\t\t\t\t\t\t<span class=\"post-date-day\">14<\/span><br>\n\t\t\t\t\t\t\t\t<span class=\"post-date-month is-xsmall\">Jun<\/span>\n\t\t\t\t\t\t\t<\/div>\n\t\t\t\t\t\t<\/div>\n\t\t\t\t\t\t\t\t\t<\/div>\n\t\t\t\t<\/a>\n\t\t\t<\/div>\n\t\t<\/div><div class=\"col post-item\" >\n\t\t\t<div class=\"col-inner\" property=\"itemListElement\" typeof=\"ListItem\">\n\t\t\t<a property=\"url\" href=\"https:\/\/www.clinicaplanas.com\/blog\/2024\/06\/14\/causas-de-la-ginecomastia\/\" class=\"plain\">\n\t\t\t\t<div class=\"box box-normal box-text-bottom box-blog-post has-hover\">\n            \t\t\t\t\t<div class=\"box-image\" >\n  \t\t\t\t\t\t<div class=\"image-cover\" style=\"padding-top:56%;\">\n  \t\t\t\t\t\t\t<img loading=\"lazy\" decoding=\"async\" width=\"612\" height=\"369\" src=\"https:\/\/www.clinicaplanas.com\/blog\/wp-content\/pecho3.png\" class=\"attachment-large size-large wp-post-image\" alt=\"\" srcset=\"https:\/\/www.clinicaplanas.com\/blog\/wp-content\/pecho3.png 612w, https:\/\/www.clinicaplanas.com\/blog\/wp-content\/pecho3-300x181.png 300w\" sizes=\"(max-width: 612px) 100vw, 612px\" \/>  \t\t\t\t\t\t\t  \t\t\t\t\t\t\t  \t\t\t\t\t\t<\/div>\n  \t\t\t\t\t\t  \t\t\t\t\t<\/div>\n          \t\t\t\t\t<div class=\"box-text text-center\" style=\"padding:20px 0px 0px 0px;\">\n\t\t\t\t\t<div class=\"box-text-inner blog-post-inner\">\n\n\t\t\t\t\t\n\t\t\t\t\t\t\t\t\t\t<h3 class=\"post-title is-small\">\t\t\t\t\tCausas de la ginecomastia\t\t\t\t\t<\/h3>\t\t\t\t\t\t\t\t\t\t<div class=\"is-divider\"><\/div>\n\t\t\t\t\t<div class=\"excerpt-comments-container\">\n\t\t\t\t\t\t\t\t\t\t<p class=\"from_the_blog_excerpt \">Los cambios hormonales en el hombre durante la pubertad pueden aumentar el tama\u00f1o de la [...]\t\t\t\t\t<\/p>\n\t\t\t\t\t                    \t\t\t\t\t<\/div>\n\t\t\t\t\t\n\t\t\t\t\t<time datetime=\"2024-06-14T10:36:46+02:00\" class=\"post-footer-date\"><span class=\"fecha\">14\/06\/2024<\/span><span class=\"hora\">10:36 <\/span>  -  Cl\u00ednica Planas<\/time>\n\t\t\t\t\t<\/div>\n\t\t\t\t\t<\/div>\n\t\t\t\t\t\t\t\t\t\t\t\t\t\t\t\t<div class=\"badge absolute top post-date badge-outline\">\n\t\t\t\t\t\t\t<div class=\"badge-inner\">\n\t\t\t\t\t\t\t\t<span class=\"post-date-day\">14<\/span><br>\n\t\t\t\t\t\t\t\t<span class=\"post-date-month is-xsmall\">Jun<\/span>\n\t\t\t\t\t\t\t<\/div>\n\t\t\t\t\t\t<\/div>\n\t\t\t\t\t\t\t\t\t<\/div>\n\t\t\t\t<\/a>\n\t\t\t<\/div>\n\t\t<\/div><\/div>\n\n\n\t\t<\/div>\n\n\t\t\n<style>\n#section_1104439117 {\n  padding-top: 30px;\n  padding-bottom: 30px;\n  background-color: rgb(255, 255, 255);\n}\n<\/style>\n\t<\/section>\n\t\n\n\t<section class=\"section\" id=\"section_1972348143\">\n\t\t<div class=\"section-bg fill\" >\n\t\t\t\t\t\t\t\t\t\n\t\t\t\n\n\t\t<\/div>\n\n\t\t\n\n\t\t<div class=\"section-content relative\">\n\t\t\t\n\n<div class=\"container section-title-container\" style=\"margin-bottom:6px;\"><h2 class=\"section-title section-title-center\"><b><\/b><span class=\"section-title-main\" >V\u00cdDEOS SOBRE CIRUG\u00cdA CORPORAL<\/span><b><\/b><\/h2><\/div>\n\n\n  \n    <div class=\"row popular large-columns-3 medium-columns-1 small-columns-1\" >\n  <div class=\"col post-item\" >\n\t\t\t<div class=\"col-inner\" property=\"itemListElement\" typeof=\"ListItem\">\n\t\t\t<a property=\"url\" href=\"https:\/\/www.clinicaplanas.com\/blog\/2024\/06\/14\/resultado-de-la-cirugia-de-pectus-excavatum\/\" class=\"plain\">\n\t\t\t\t<div class=\"box box-normal box-text-bottom box-blog-post has-hover\">\n            \t\t\t\t\t<div class=\"box-image\" >\n  \t\t\t\t\t\t<div class=\"image-cover\" style=\"padding-top:56%;\">\n  \t\t\t\t\t\t\t<img loading=\"lazy\" decoding=\"async\" width=\"612\" height=\"369\" src=\"https:\/\/www.clinicaplanas.com\/blog\/wp-content\/corporal2.png\" class=\"attachment-large size-large wp-post-image\" alt=\"\" srcset=\"https:\/\/www.clinicaplanas.com\/blog\/wp-content\/corporal2.png 612w, https:\/\/www.clinicaplanas.com\/blog\/wp-content\/corporal2-300x181.png 300w\" sizes=\"(max-width: 612px) 100vw, 612px\" \/>  \t\t\t\t\t\t\t  \t\t\t\t\t\t\t  \t\t\t\t\t\t<\/div>\n  \t\t\t\t\t\t  \t\t\t\t\t<\/div>\n          \t\t\t\t\t<div class=\"box-text text-center\" style=\"padding:20px 0px 0px 0px;\">\n\t\t\t\t\t<div class=\"box-text-inner blog-post-inner\">\n\n\t\t\t\t\t\n\t\t\t\t\t\t\t\t\t\t<h3 class=\"post-title is-small\">\t\t\t\t\tResultado de la cirug\u00eda de pectus excavatum\t\t\t\t\t<\/h3>\t\t\t\t\t\t\t\t\t\t<div class=\"is-divider\"><\/div>\n\t\t\t\t\t<div class=\"excerpt-comments-container\">\n\t\t\t\t\t\t\t\t\t\t<p class=\"from_the_blog_excerpt \">Historias reales de nuestros pacientes. Esta es la experiencia de Xabier con la cirug\u00eda de [...]\t\t\t\t\t<\/p>\n\t\t\t\t\t                    \t\t\t\t\t<\/div>\n\t\t\t\t\t\n\t\t\t\t\t<time datetime=\"2024-06-14T11:02:30+02:00\" class=\"post-footer-date\"><span class=\"fecha\">14\/06\/2024<\/span><span class=\"hora\">11:02 <\/span>  -  Cl\u00ednica Planas<\/time>\n\t\t\t\t\t<\/div>\n\t\t\t\t\t<\/div>\n\t\t\t\t\t\t\t\t\t\t\t\t\t\t\t\t<div class=\"badge absolute top post-date badge-outline\">\n\t\t\t\t\t\t\t<div class=\"badge-inner\">\n\t\t\t\t\t\t\t\t<span class=\"post-date-day\">14<\/span><br>\n\t\t\t\t\t\t\t\t<span class=\"post-date-month is-xsmall\">Jun<\/span>\n\t\t\t\t\t\t\t<\/div>\n\t\t\t\t\t\t<\/div>\n\t\t\t\t\t\t\t\t\t<\/div>\n\t\t\t\t<\/a>\n\t\t\t<\/div>\n\t\t<\/div><div class=\"col post-item\" >\n\t\t\t<div class=\"col-inner\" property=\"itemListElement\" typeof=\"ListItem\">\n\t\t\t<a property=\"url\" href=\"https:\/\/www.clinicaplanas.com\/blog\/2024\/06\/14\/como-combatir-la-flacidez-en-los-brazos\/\" class=\"plain\">\n\t\t\t\t<div class=\"box box-normal box-text-bottom box-blog-post has-hover\">\n            \t\t\t\t\t<div class=\"box-image\" >\n  \t\t\t\t\t\t<div class=\"image-cover\" style=\"padding-top:56%;\">\n  \t\t\t\t\t\t\t<img loading=\"lazy\" decoding=\"async\" width=\"612\" height=\"369\" src=\"https:\/\/www.clinicaplanas.com\/blog\/wp-content\/corporal1.png\" class=\"attachment-large size-large wp-post-image\" alt=\"\" srcset=\"https:\/\/www.clinicaplanas.com\/blog\/wp-content\/corporal1.png 612w, https:\/\/www.clinicaplanas.com\/blog\/wp-content\/corporal1-300x181.png 300w\" sizes=\"(max-width: 612px) 100vw, 612px\" \/>  \t\t\t\t\t\t\t  \t\t\t\t\t\t\t  \t\t\t\t\t\t<\/div>\n  \t\t\t\t\t\t  \t\t\t\t\t<\/div>\n          \t\t\t\t\t<div class=\"box-text text-center\" style=\"padding:20px 0px 0px 0px;\">\n\t\t\t\t\t<div class=\"box-text-inner blog-post-inner\">\n\n\t\t\t\t\t\n\t\t\t\t\t\t\t\t\t\t<h3 class=\"post-title is-small\">\t\t\t\t\t\u00bfC\u00f3mo combatir la flacidez en los brazos?\t\t\t\t\t<\/h3>\t\t\t\t\t\t\t\t\t\t<div class=\"is-divider\"><\/div>\n\t\t\t\t\t<div class=\"excerpt-comments-container\">\n\t\t\t\t\t\t\t\t\t\t<p class=\"from_the_blog_excerpt \">La Dra. Marel G\u00f3mez responde. Con BodyTite corregimos las imperfecciones del contorno de los brazos, [...]\t\t\t\t\t<\/p>\n\t\t\t\t\t                    \t\t\t\t\t<\/div>\n\t\t\t\t\t\n\t\t\t\t\t<time datetime=\"2024-06-14T10:38:04+02:00\" class=\"post-footer-date\"><span class=\"fecha\">14\/06\/2024<\/span><span class=\"hora\">10:38 <\/span>  -  Cl\u00ednica Planas<\/time>\n\t\t\t\t\t<\/div>\n\t\t\t\t\t<\/div>\n\t\t\t\t\t\t\t\t\t\t\t\t\t\t\t\t<div class=\"badge absolute top post-date badge-outline\">\n\t\t\t\t\t\t\t<div class=\"badge-inner\">\n\t\t\t\t\t\t\t\t<span class=\"post-date-day\">14<\/span><br>\n\t\t\t\t\t\t\t\t<span class=\"post-date-month is-xsmall\">Jun<\/span>\n\t\t\t\t\t\t\t<\/div>\n\t\t\t\t\t\t<\/div>\n\t\t\t\t\t\t\t\t\t<\/div>\n\t\t\t\t<\/a>\n\t\t\t<\/div>\n\t\t<\/div><div class=\"col post-item\" >\n\t\t\t<div class=\"col-inner\" property=\"itemListElement\" typeof=\"ListItem\">\n\t\t\t<a property=\"url\" href=\"https:\/\/www.clinicaplanas.com\/blog\/2024\/06\/14\/cuales-son-los-beneficios-de-la-labioplastia-con-laser\/\" class=\"plain\">\n\t\t\t\t<div class=\"box box-normal box-text-bottom box-blog-post has-hover\">\n            \t\t\t\t\t<div class=\"box-image\" >\n  \t\t\t\t\t\t<div class=\"image-cover\" style=\"padding-top:56%;\">\n  \t\t\t\t\t\t\t<img loading=\"lazy\" decoding=\"async\" width=\"612\" height=\"369\" src=\"https:\/\/www.clinicaplanas.com\/blog\/wp-content\/corporal3.png\" class=\"attachment-large size-large wp-post-image\" alt=\"\" srcset=\"https:\/\/www.clinicaplanas.com\/blog\/wp-content\/corporal3.png 612w, https:\/\/www.clinicaplanas.com\/blog\/wp-content\/corporal3-300x181.png 300w\" sizes=\"(max-width: 612px) 100vw, 612px\" \/>  \t\t\t\t\t\t\t  \t\t\t\t\t\t\t  \t\t\t\t\t\t<\/div>\n  \t\t\t\t\t\t  \t\t\t\t\t<\/div>\n          \t\t\t\t\t<div class=\"box-text text-center\" style=\"padding:20px 0px 0px 0px;\">\n\t\t\t\t\t<div class=\"box-text-inner blog-post-inner\">\n\n\t\t\t\t\t\n\t\t\t\t\t\t\t\t\t\t<h3 class=\"post-title is-small\">\t\t\t\t\t\u00bfCu\u00e1les son los beneficios de la labioplastia con l\u00e1ser?\t\t\t\t\t<\/h3>\t\t\t\t\t\t\t\t\t\t<div class=\"is-divider\"><\/div>\n\t\t\t\t\t<div class=\"excerpt-comments-container\">\n\t\t\t\t\t\t\t\t\t\t<p class=\"from_the_blog_excerpt \">\u00bfCu\u00e1les son los beneficios de una labioplastia con l\u00e1ser? &#8211; Menos dolor. &#8211; Menos inflamaci\u00f3n. [...]\t\t\t\t\t<\/p>\n\t\t\t\t\t                    \t\t\t\t\t<\/div>\n\t\t\t\t\t\n\t\t\t\t\t<time datetime=\"2024-06-14T11:03:23+02:00\" class=\"post-footer-date\"><span class=\"fecha\">14\/06\/2024<\/span><span class=\"hora\">11:03 <\/span>  -  Cl\u00ednica Planas<\/time>\n\t\t\t\t\t<\/div>\n\t\t\t\t\t<\/div>\n\t\t\t\t\t\t\t\t\t\t\t\t\t\t\t\t<div class=\"badge absolute top post-date badge-outline\">\n\t\t\t\t\t\t\t<div class=\"badge-inner\">\n\t\t\t\t\t\t\t\t<span class=\"post-date-day\">14<\/span><br>\n\t\t\t\t\t\t\t\t<span class=\"post-date-month is-xsmall\">Jun<\/span>\n\t\t\t\t\t\t\t<\/div>\n\t\t\t\t\t\t<\/div>\n\t\t\t\t\t\t\t\t\t<\/div>\n\t\t\t\t<\/a>\n\t\t\t<\/div>\n\t\t<\/div><\/div>\n\n\n\t\t<\/div>\n\n\t\t\n<style>\n#section_1972348143 {\n  padding-top: 30px;\n  padding-bottom: 30px;\n  background-color: rgb(255, 255, 255);\n}\n<\/style>\n\t<\/section>\n\t\n\n\t<section class=\"section\" id=\"section_1938252989\">\n\t\t<div class=\"section-bg fill\" >\n\t\t\t\t\t\t\t\t\t\n\t\t\t\n\n\t\t<\/div>\n\n\t\t\n\n\t\t<div class=\"section-content relative\">\n\t\t\t\n\n<div class=\"container section-title-container\" style=\"margin-bottom:6px;\"><h2 class=\"section-title section-title-center\"><b><\/b><span class=\"section-title-main\" >\u00daLTIMOS V\u00cdDEOS PUBLICADOS<\/span><b><\/b><\/h2><\/div>\n\n\n  \n    <div class=\"row popular large-columns-3 medium-columns-1 small-columns-1\" >\n  <div class=\"col post-item\" >\n\t\t\t<div class=\"col-inner\" property=\"itemListElement\" typeof=\"ListItem\">\n\t\t\t<a property=\"url\" href=\"https:\/\/www.clinicaplanas.com\/blog\/2026\/04\/27\/despues-de-4-meses-esto-es-lo-que-nadie-te-cuenta-sobre-un-lifting\/\" class=\"plain\">\n\t\t\t\t<div class=\"box box-normal box-text-bottom box-blog-post has-hover\">\n            \t\t\t\t\t<div class=\"box-image\" >\n  \t\t\t\t\t\t<div class=\"image-cover\" style=\"padding-top:56.25%;\">\n  \t\t\t\t\t\t\t<img loading=\"lazy\" decoding=\"async\" width=\"612\" height=\"369\" src=\"https:\/\/www.clinicaplanas.com\/blog\/wp-content\/template-fotos-612x369px_colores-2.png\" class=\"attachment-large size-large wp-post-image\" alt=\"lifting facial\" srcset=\"https:\/\/www.clinicaplanas.com\/blog\/wp-content\/template-fotos-612x369px_colores-2.png 612w, https:\/\/www.clinicaplanas.com\/blog\/wp-content\/template-fotos-612x369px_colores-2-300x181.png 300w\" sizes=\"(max-width: 612px) 100vw, 612px\" \/>  \t\t\t\t\t\t\t  \t\t\t\t\t\t\t  \t\t\t\t\t\t<\/div>\n  \t\t\t\t\t\t  \t\t\t\t\t<\/div>\n          \t\t\t\t\t<div class=\"box-text text-center\" style=\"padding:20px 0px 0px 0px;\">\n\t\t\t\t\t<div class=\"box-text-inner blog-post-inner\">\n\n\t\t\t\t\t\n\t\t\t\t\t\t\t\t\t\t<h3 class=\"post-title is-small\">\t\t\t\t\tDespu\u00e9s de 4 meses, esto es lo que nadie te cuenta sobre un lifting.\t\t\t\t\t<\/h3>\t\t\t\t\t\t\t\t\t\t<div class=\"is-divider\"><\/div>\n\t\t\t\t\t<div class=\"excerpt-comments-container\">\n\t\t\t\t\t\t\t\t\t\t<p class=\"from_the_blog_excerpt \">\u201cPens\u00e9 que iba a quedar irreconocible\u201d Ese fue el mayor miedo de Miriam antes de [...]\t\t\t\t\t<\/p>\n\t\t\t\t\t                    \t\t\t\t\t<\/div>\n\t\t\t\t\t\n\t\t\t\t\t<time datetime=\"2026-04-27T16:27:00+02:00\" class=\"post-footer-date\"><span class=\"fecha\">27\/04\/2026<\/span><span class=\"hora\">16:27 <\/span>  -  Cl\u00ednica Planas<\/time>\n\t\t\t\t\t<\/div>\n\t\t\t\t\t<\/div>\n\t\t\t\t\t\t\t\t\t\t\t\t\t\t\t\t<div class=\"badge absolute top post-date badge-outline\">\n\t\t\t\t\t\t\t<div class=\"badge-inner\">\n\t\t\t\t\t\t\t\t<span class=\"post-date-day\">27<\/span><br>\n\t\t\t\t\t\t\t\t<span class=\"post-date-month is-xsmall\">Abr<\/span>\n\t\t\t\t\t\t\t<\/div>\n\t\t\t\t\t\t<\/div>\n\t\t\t\t\t\t\t\t\t<\/div>\n\t\t\t\t<\/a>\n\t\t\t<\/div>\n\t\t<\/div><div class=\"col post-item\" >\n\t\t\t<div class=\"col-inner\" property=\"itemListElement\" typeof=\"ListItem\">\n\t\t\t<a property=\"url\" href=\"https:\/\/www.clinicaplanas.com\/blog\/2026\/04\/24\/te-hinchas-tanto-antes-de-la-regla-que-parece-que-tu-cuerpo-no-es-el-tuyo\/\" class=\"plain\">\n\t\t\t\t<div class=\"box box-normal box-text-bottom box-blog-post has-hover\">\n            \t\t\t\t\t<div class=\"box-image\" >\n  \t\t\t\t\t\t<div class=\"image-cover\" style=\"padding-top:56.25%;\">\n  \t\t\t\t\t\t\t<img loading=\"lazy\" decoding=\"async\" width=\"612\" height=\"369\" src=\"https:\/\/www.clinicaplanas.com\/blog\/wp-content\/Portadas-videoblog-mia-2.png\" class=\"attachment-large size-large wp-post-image\" alt=\"endometriosis\" srcset=\"https:\/\/www.clinicaplanas.com\/blog\/wp-content\/Portadas-videoblog-mia-2.png 612w, https:\/\/www.clinicaplanas.com\/blog\/wp-content\/Portadas-videoblog-mia-2-300x181.png 300w\" sizes=\"(max-width: 612px) 100vw, 612px\" \/>  \t\t\t\t\t\t\t  \t\t\t\t\t\t\t  \t\t\t\t\t\t<\/div>\n  \t\t\t\t\t\t  \t\t\t\t\t<\/div>\n          \t\t\t\t\t<div class=\"box-text text-center\" style=\"padding:20px 0px 0px 0px;\">\n\t\t\t\t\t<div class=\"box-text-inner blog-post-inner\">\n\n\t\t\t\t\t\n\t\t\t\t\t\t\t\t\t\t<h3 class=\"post-title is-small\">\t\t\t\t\t\u00bfTe hinchas tanto antes de la regla que parece que tu cuerpo no es el tuyo?\t\t\t\t\t<\/h3>\t\t\t\t\t\t\t\t\t\t<div class=\"is-divider\"><\/div>\n\t\t\t\t\t<div class=\"excerpt-comments-container\">\n\t\t\t\t\t\t\t\t\t\t<p class=\"from_the_blog_excerpt \">\u00bfTe pasa que, justo antes de la regla, sientes una distensi\u00f3n abdominal inc\u00f3moda, como si [...]\t\t\t\t\t<\/p>\n\t\t\t\t\t                    \t\t\t\t\t<\/div>\n\t\t\t\t\t\n\t\t\t\t\t<time datetime=\"2026-04-24T10:53:39+02:00\" class=\"post-footer-date\"><span class=\"fecha\">24\/04\/2026<\/span><span class=\"hora\">10:53 <\/span>  -  Cl\u00ednica Planas<\/time>\n\t\t\t\t\t<\/div>\n\t\t\t\t\t<\/div>\n\t\t\t\t\t\t\t\t\t\t\t\t\t\t\t\t<div class=\"badge absolute top post-date badge-outline\">\n\t\t\t\t\t\t\t<div class=\"badge-inner\">\n\t\t\t\t\t\t\t\t<span class=\"post-date-day\">24<\/span><br>\n\t\t\t\t\t\t\t\t<span class=\"post-date-month is-xsmall\">Abr<\/span>\n\t\t\t\t\t\t\t<\/div>\n\t\t\t\t\t\t<\/div>\n\t\t\t\t\t\t\t\t\t<\/div>\n\t\t\t\t<\/a>\n\t\t\t<\/div>\n\t\t<\/div><div class=\"col post-item\" >\n\t\t\t<div class=\"col-inner\" property=\"itemListElement\" typeof=\"ListItem\">\n\t\t\t<a property=\"url\" href=\"https:\/\/www.clinicaplanas.com\/blog\/2026\/04\/24\/aumento-de-pecho-sin-anestesia-general-la-experiencia-con-el-procedimiento-mia\/\" class=\"plain\">\n\t\t\t\t<div class=\"box box-normal box-text-bottom box-blog-post has-hover\">\n            \t\t\t\t\t<div class=\"box-image\" >\n  \t\t\t\t\t\t<div class=\"image-cover\" style=\"padding-top:56.25%;\">\n  \t\t\t\t\t\t\t<img loading=\"lazy\" decoding=\"async\" width=\"612\" height=\"369\" src=\"https:\/\/www.clinicaplanas.com\/blog\/wp-content\/mia-femtech-7.png\" class=\"attachment-large size-large wp-post-image\" alt=\"mia femtech\" srcset=\"https:\/\/www.clinicaplanas.com\/blog\/wp-content\/mia-femtech-7.png 612w, https:\/\/www.clinicaplanas.com\/blog\/wp-content\/mia-femtech-7-300x181.png 300w\" sizes=\"(max-width: 612px) 100vw, 612px\" \/>  \t\t\t\t\t\t\t  \t\t\t\t\t\t\t  \t\t\t\t\t\t<\/div>\n  \t\t\t\t\t\t  \t\t\t\t\t<\/div>\n          \t\t\t\t\t<div class=\"box-text text-center\" style=\"padding:20px 0px 0px 0px;\">\n\t\t\t\t\t<div class=\"box-text-inner blog-post-inner\">\n\n\t\t\t\t\t\n\t\t\t\t\t\t\t\t\t\t<h3 class=\"post-title is-small\">\t\t\t\t\tAumento de pecho sin anestesia general: la experiencia con el procedimiento Mia\u00ae\t\t\t\t\t<\/h3>\t\t\t\t\t\t\t\t\t\t<div class=\"is-divider\"><\/div>\n\t\t\t\t\t<div class=\"excerpt-comments-container\">\n\t\t\t\t\t\t\t\t\t\t<p class=\"from_the_blog_excerpt \">\u201cMe daba p\u00e1nico la anestesia general\u2026\u201d Cada vez m\u00e1s mujeres buscan un aumento de pecho [...]\t\t\t\t\t<\/p>\n\t\t\t\t\t                    \t\t\t\t\t<\/div>\n\t\t\t\t\t\n\t\t\t\t\t<time datetime=\"2026-04-24T09:55:24+02:00\" class=\"post-footer-date\"><span class=\"fecha\">24\/04\/2026<\/span><span class=\"hora\">09:55 <\/span>  -  Cl\u00ednica Planas<\/time>\n\t\t\t\t\t<\/div>\n\t\t\t\t\t<\/div>\n\t\t\t\t\t\t\t\t\t\t\t\t\t\t\t\t<div class=\"badge absolute top post-date badge-outline\">\n\t\t\t\t\t\t\t<div class=\"badge-inner\">\n\t\t\t\t\t\t\t\t<span class=\"post-date-day\">24<\/span><br>\n\t\t\t\t\t\t\t\t<span class=\"post-date-month is-xsmall\">Abr<\/span>\n\t\t\t\t\t\t\t<\/div>\n\t\t\t\t\t\t<\/div>\n\t\t\t\t\t\t\t\t\t<\/div>\n\t\t\t\t<\/a>\n\t\t\t<\/div>\n\t\t<\/div><\/div>\n\n<a href=\"https:\/\/www.clinicaplanas.com\/blog\/videoblogs\/\" class=\"button secondary is-link expand\"  >\n\t<i class=\"icon-angle-right\" aria-hidden=\"true\" ><\/i>\t<span>Ver todas las entradas de videoblog<\/span>\n\t<\/a>\n\n\n\n\t\t<\/div>\n\n\t\t\n<style>\n#section_1938252989 {\n  padding-top: 30px;\n  padding-bottom: 30px;\n  background-color: rgb(255, 255, 255);\n}\n<\/style>\n\t<\/section>\n\t\n","protected":false},"excerpt":{"rendered":"","protected":false},"author":1,"featured_media":0,"parent":0,"menu_order":0,"comment_status":"closed","ping_status":"closed","template":"","meta":{"footnotes":""},"class_list":["post-5088","page","type-page","status-publish","hentry"],"yoast_head":"<!-- This site is optimized with the Yoast SEO plugin v23.4 - https:\/\/yoast.com\/wordpress\/plugins\/seo\/ -->\n<title>Videoblog - Tu blog de medicina y cirug\u00eda est\u00e9tica - Cl\u00ednica Planas<\/title>\n<meta name=\"robots\" content=\"index, follow, max-snippet:-1, max-image-preview:large, max-video-preview:-1\" \/>\n<link rel=\"canonical\" href=\"https:\/\/www.clinicaplanas.com\/blog\/videoblog\/\" \/>\n<meta property=\"og:locale\" content=\"es_ES\" \/>\n<meta property=\"og:type\" content=\"article\" \/>\n<meta property=\"og:title\" content=\"Videoblog - Tu blog de medicina y cirug\u00eda est\u00e9tica - Cl\u00ednica Planas\" \/>\n<meta property=\"og:url\" content=\"https:\/\/www.clinicaplanas.com\/blog\/videoblog\/\" \/>\n<meta property=\"og:site_name\" content=\"Tu blog de medicina y cirug\u00eda est\u00e9tica - Cl\u00ednica Planas\" \/>\n<meta property=\"article:modified_time\" content=\"2024-07-05T15:33:42+00:00\" \/>\n<meta name=\"twitter:card\" content=\"summary_large_image\" \/>\n<meta name=\"twitter:label1\" content=\"Tiempo de lectura\" \/>\n\t<meta name=\"twitter:data1\" content=\"1 minuto\" \/>\n<!-- \/ Yoast SEO plugin. -->","yoast_head_json":{"title":"Videoblog - Tu blog de medicina y cirug\u00eda est\u00e9tica - Cl\u00ednica Planas","robots":{"index":"index","follow":"follow","max-snippet":"max-snippet:-1","max-image-preview":"max-image-preview:large","max-video-preview":"max-video-preview:-1"},"canonical":"https:\/\/www.clinicaplanas.com\/blog\/videoblog\/","og_locale":"es_ES","og_type":"article","og_title":"Videoblog - Tu blog de medicina y cirug\u00eda est\u00e9tica - Cl\u00ednica Planas","og_url":"https:\/\/www.clinicaplanas.com\/blog\/videoblog\/","og_site_name":"Tu blog de medicina y cirug\u00eda est\u00e9tica - Cl\u00ednica Planas","article_modified_time":"2024-07-05T15:33:42+00:00","twitter_card":"summary_large_image","twitter_misc":{"Tiempo de lectura":"1 minuto"},"schema":{"@context":"https:\/\/schema.org","@graph":[{"@type":"WebPage","@id":"https:\/\/www.clinicaplanas.com\/blog\/videoblog\/","url":"https:\/\/www.clinicaplanas.com\/blog\/videoblog\/","name":"Videoblog - Tu blog de medicina y cirug\u00eda est\u00e9tica - Cl\u00ednica Planas","isPartOf":{"@id":"https:\/\/www.clinicaplanas.com\/blog\/#website"},"datePublished":"2024-06-03T08:15:51+00:00","dateModified":"2024-07-05T15:33:42+00:00","breadcrumb":{"@id":"https:\/\/www.clinicaplanas.com\/blog\/videoblog\/#breadcrumb"},"inLanguage":"es","potentialAction":[{"@type":"ReadAction","target":["https:\/\/www.clinicaplanas.com\/blog\/videoblog\/"]}]},{"@type":"BreadcrumbList","@id":"https:\/\/www.clinicaplanas.com\/blog\/videoblog\/#breadcrumb","itemListElement":[{"@type":"ListItem","position":1,"name":"Home","item":"https:\/\/www.clinicaplanas.com\/blog\/"},{"@type":"ListItem","position":2,"name":"Videoblog"}]},{"@type":"WebSite","@id":"https:\/\/www.clinicaplanas.com\/blog\/#website","url":"https:\/\/www.clinicaplanas.com\/blog\/","name":"Tu blog de medicina y cirug\u00eda est\u00e9tica - Cl\u00ednica Planas","description":"Mantente al d\u00eda sobre medicina y cirug\u00eda est\u00e9tica con el blog de Cl\u00ednica Planas. Noticias de actualidad, novedades y tips de la mano de nuestros especialistas.","publisher":{"@id":"https:\/\/www.clinicaplanas.com\/blog\/#organization"},"potentialAction":[{"@type":"SearchAction","target":{"@type":"EntryPoint","urlTemplate":"https:\/\/www.clinicaplanas.com\/blog\/?s={search_term_string}"},"query-input":{"@type":"PropertyValueSpecification","valueRequired":true,"valueName":"search_term_string"}}],"inLanguage":"es"},{"@type":"Organization","@id":"https:\/\/www.clinicaplanas.com\/blog\/#organization","name":"Cl\u00ednica Planas","url":"https:\/\/www.clinicaplanas.com\/blog\/","logo":{"@type":"ImageObject","inLanguage":"es","@id":"https:\/\/www.clinicaplanas.com\/blog\/#\/schema\/logo\/image\/","url":"https:\/\/www.clinicaplanas.com\/blog\/wp-content\/android-icon-192x192-1.png","contentUrl":"https:\/\/www.clinicaplanas.com\/blog\/wp-content\/android-icon-192x192-1.png","width":192,"height":192,"caption":"Cl\u00ednica Planas"},"image":{"@id":"https:\/\/www.clinicaplanas.com\/blog\/#\/schema\/logo\/image\/"}}]}},"_links":{"self":[{"href":"https:\/\/www.clinicaplanas.com\/blog\/wp-json\/wp\/v2\/pages\/5088"}],"collection":[{"href":"https:\/\/www.clinicaplanas.com\/blog\/wp-json\/wp\/v2\/pages"}],"about":[{"href":"https:\/\/www.clinicaplanas.com\/blog\/wp-json\/wp\/v2\/types\/page"}],"author":[{"embeddable":true,"href":"https:\/\/www.clinicaplanas.com\/blog\/wp-json\/wp\/v2\/users\/1"}],"replies":[{"embeddable":true,"href":"https:\/\/www.clinicaplanas.com\/blog\/wp-json\/wp\/v2\/comments?post=5088"}],"version-history":[{"count":13,"href":"https:\/\/www.clinicaplanas.com\/blog\/wp-json\/wp\/v2\/pages\/5088\/revisions"}],"predecessor-version":[{"id":5410,"href":"https:\/\/www.clinicaplanas.com\/blog\/wp-json\/wp\/v2\/pages\/5088\/revisions\/5410"}],"wp:attachment":[{"href":"https:\/\/www.clinicaplanas.com\/blog\/wp-json\/wp\/v2\/media?parent=5088"}],"curies":[{"name":"wp","href":"https:\/\/api.w.org\/{rel}","templated":true}]}}